{"id":3155,"date":"2024-05-24T14:27:53","date_gmt":"2024-05-24T17:27:53","guid":{"rendered":"https:\/\/comeca.uy\/?page_id=3155"},"modified":"2024-05-24T14:27:53","modified_gmt":"2024-05-24T17:27:53","slug":"nuestros-docentes-2","status":"publish","type":"page","link":"https:\/\/comeca.uy\/web\/nuestros-docentes-2\/","title":{"rendered":"Nuestros Docentes"},"content":{"rendered":"\n<p><em><strong><strong><em>Presentamos a nuestros Docentes, Profesores de distintas C\u00e1tedras\u00a0de la Facultad de\u00a0Medicina, quienes concurren a nuestra\u00a0Instituci\u00f3n, tanto a ofrecer consultas como a supervisar\u00a0diferentes Servicios\u00a0de COMECA.<\/em><\/strong><\/strong><\/em><\/p>\n\n\n\n<p class=\"has-large-font-size\"><strong>Prof. Dr. H\u00e9ctor Jos\u00e9 Juri \u00c1lvarez<\/strong><\/p>\n\n\n\n<figure class=\"wp-block-image size-large\"><img decoding=\"async\" src=\"https:\/\/comeca.uy\/wp-content\/uploads\/2015\/08\/DR.JURI_-225x300.jpg\" alt=\"\"\/><\/figure>\n\n\n\n<p><strong>Grado V \u2013 Cirug\u00eda Pl\u00e1stica<\/strong><\/p>\n\n\n\n<p><strong>Coordinador de Cirug\u00eda Pl\u00e1stica<\/strong><\/p>\n\n\n\n<p class=\"has-text-align-left\" style=\"font-size:30px\"><strong>Prof. Dr. Gustavo Orlando Rodr\u00edguez Temesio<\/strong><\/p>\n\n\n\n<figure class=\"wp-block-image size-large\"><img decoding=\"async\" src=\"https:\/\/comeca.uy\/wp-content\/uploads\/2015\/08\/P1020241-300x296.jpg\" alt=\"\"\/><\/figure>\n\n\n\n<p><strong>Grado V&nbsp;\u2013 Cirug\u00eda<\/strong><\/p>\n\n\n\n<p><strong>Jefe Departamento de\u00a0Cirug\u00eda<\/strong><\/p>\n\n\n\n<p class=\"has-large-font-size\"><strong>Prof. Dr. Roberto Vali\u00f1as Sotelo<\/strong><\/p>\n\n\n\n<p><strong>Grado V \u2013 Cirug\u00eda<\/strong><\/p>\n\n\n\n<p><strong>Coordinador de Cirug\u00eda Vascular<\/strong><\/p>\n\n\n\n<p class=\"has-large-font-size\"><strong>Prof. Dr. Juan Andr\u00e9s Alonso Bao<\/strong><\/p>\n\n\n\n<figure class=\"wp-block-image size-large\"><img decoding=\"async\" src=\"https:\/\/comeca.uy\/wp-content\/uploads\/2015\/08\/PROF.ALONSO-271x300.jpg\" alt=\"\"\/><\/figure>\n\n\n\n<p><strong>Grado V \u2013 Medicina Interna<\/strong><\/p>\n\n\n\n<p><strong>Consultante de Medicina Interna<\/strong><\/p>\n\n\n\n<p class=\"has-large-font-size\"><strong>Prof. Dr. Sa\u00fal Wajskopf Pomeranz<\/strong><\/p>\n\n\n\n<figure class=\"wp-block-image size-large\"><img decoding=\"async\" src=\"https:\/\/comeca.uy\/wp-content\/uploads\/2015\/08\/DR.WASKOPF-295x300.jpg\" alt=\"\"\/><\/figure>\n\n\n\n<p><strong>Grado V \u2013 Neurocirug\u00eda<\/strong><\/p>\n\n\n\n<p class=\"has-large-font-size\"><strong>Prof. Dr. Daniel Borbonet Legnani<\/strong><\/p>\n\n\n\n<figure class=\"wp-block-image size-large\"><img decoding=\"async\" src=\"https:\/\/comeca.uy\/wp-content\/uploads\/2015\/08\/DR.DANIEL-BORBONET-228x300.jpg\" alt=\"\"\/><\/figure>\n\n\n\n<p><strong>Grado V \u2013 Neonatolog\u00eda<\/strong><\/p>\n\n\n\n<p><strong>Supervisor de UCEP (Unidad de Cuidados Especiales Pedi\u00e1tricos)<\/strong><\/p>\n\n\n\n<p style=\"font-size:32px\"><strong>Prof. Dr. Rogelio Freddy Rey Nande<\/strong><\/p>\n\n\n\n<p><strong>Grado V \u2013 Ortopedia y Traumatolog\u00eda<\/strong><\/p>\n\n\n\n<p class=\"has-large-font-size\"><strong>Prof. Dr. Pablo Curbelo Falero<\/strong><\/p>\n\n\n\n<p><strong>Grado V \u2013 Neumolog\u00eda<\/strong><\/p>\n\n\n\n<p><strong>Consultante de Neumolog\u00eda<\/strong><\/p>\n\n\n\n<p class=\"has-large-font-size\"><strong>Prof. Dr. Gerardo Francisco Bruno Riera<\/strong><\/p>\n\n\n\n<p><strong>Grado V \u2013 Cirug\u00eda Tor\u00e1cica<\/strong><\/p>\n\n\n\n<p style=\"font-size:29px\"><strong>Prof. Agregado Dr. Gustavo Ram\u00f3n Costas Riviezzo<\/strong><\/p>\n\n\n\n<p><strong>Grado V \u2013 Otorrinolaringolog\u00eda<\/strong><\/p>\n\n\n\n<p><strong>Consultante de ORL<\/strong><\/p>\n\n\n\n<p class=\"has-large-font-size\"><strong>Prof. Dra. Luc\u00eda Florio Legnani<\/strong><\/p>\n\n\n\n<p><strong>Grado V&nbsp;\u2013 Cardiolog\u00eda<\/strong><\/p>\n\n\n\n<p style=\"font-size:32px\"><strong>Prof. Agregado Dr. Pablo Garc\u00eda Podest\u00e1<\/strong><\/p>\n\n\n\n<p><strong>Grado IV \u2013 Neurocirug\u00eda<\/strong><\/p>\n\n\n\n<p style=\"font-size:29px\"><strong>Prof. Agregado Dr. Gonzalo Federico Costa Soba<\/strong><\/p>\n\n\n\n<p><strong>Grado IV \u2013 Neurocirug\u00eda<\/strong><\/p>\n\n\n\n<p style=\"font-size:29px\"><strong>Prof. Agregado Dr. Fernando Gabriel Mart\u00ednez Benia<\/strong><\/p>\n\n\n\n<p><strong>Grado IV \u2013 Neurocirug\u00eda<\/strong><\/p>\n\n\n\n<p style=\"font-size:30px\"><strong>Prof. Agregado Dr. Ramiro Javier Lima Lanterna<\/strong><\/p>\n\n\n\n<p><strong>Grado IV \u2013 Neurocirug\u00eda<\/strong><\/p>\n\n\n\n<p style=\"font-size:30px\"><strong>Prof.&nbsp;Agregado Dr. Mario Jos\u00e9 Luis Varangot Pantin<\/strong><\/p>\n\n\n\n<p><strong>Grado IV \u2013 Oncolog\u00eda<\/strong><\/p>\n\n\n\n<p><strong>Consultante de Oncolog\u00eda<\/strong><\/p>\n\n\n\n<p class=\"has-large-font-size\"><strong>Prof. Dr. Ricardo Vaczy Rigoli<\/strong><\/p>\n\n\n\n<p><strong>Grado IV \u2013 Oftalmolog\u00eda<\/strong><\/p>\n\n\n\n<p><strong>Consultante de Oftalmolog\u00eda<\/strong><\/p>\n\n\n\n<p style=\"font-size:30px\"><strong>Prof. Agregado Dr. Gualberto Daniel Arribeltz Goldschmidt<\/strong><\/p>\n\n\n\n<p><strong>Grado IV \u2013 Ginecotocolog\u00eda<\/strong><\/p>\n\n\n\n<p><strong>Consultante de Ginecotocolog\u00eda<\/strong><\/p>\n\n\n\n<p style=\"font-size:31px\"><strong>Prof. Agregado Dr. Pedro Fernando Alzugaray Fraga<\/strong><\/p>\n\n\n\n<p><strong>Grado IV \u2013 Medicina Intensiva<\/strong><\/p>\n\n\n\n<p><strong>Consultante de Medicina Intensiva<\/strong><\/p>\n\n\n\n<p style=\"font-size:32px\"><strong>Prof. Agregado Dr. Ra\u00fal Cepellini Magari\u00f1os<\/strong><\/p>\n\n\n\n<p><strong>Grado IV \u2013 Urolog\u00eda<\/strong><\/p>\n\n\n\n<p><strong>Consultante de Urolog\u00eda Oncol\u00f3gica<\/strong><\/p>\n\n\n\n<p style=\"font-size:32px\"><strong>Prof. Agregada Dra. Patricia Braga Fern\u00e1ndez<\/strong><\/p>\n\n\n\n<p><strong>Grado IV \u2013 Neurolog\u00eda<\/strong><\/p>\n\n\n\n<p style=\"font-size:32px\"><strong>Prof. Agregado Dr. Carlos Eduardo Zunino P\u00e9rez<\/strong><\/p>\n\n\n\n<p><strong>Grado IV \u2013 Pediatr\u00eda<\/strong><\/p>\n\n\n\n<p style=\"font-size:32px\"><strong>Prof. Adjunto Dr. Rodrigo Rivas Machado<\/strong><\/p>\n\n\n\n<p><strong>Grado III \u2013 Oftalmolog\u00eda<\/strong><\/p>\n\n\n\n<p><strong>Coordinador de Oftalmolog\u00eda<\/strong><\/p>\n\n\n\n<p style=\"font-size:32px\"><strong>Prof. Adjunto Dr. Rodrigo Moragues Gayoso<\/strong><\/p>\n\n\n\n<p><strong>Grado III \u2013 Neurocirug\u00eda<\/strong><\/p>\n\n\n\n<p style=\"font-size:32px\"><strong>Prof. Adjunto Dr. Osmar Telis Mezquita<\/strong><\/p>\n\n\n\n<p><strong>Grado III \u2013 Imagenolog\u00eda<\/strong><\/p>\n\n\n\n<p style=\"font-size:30px\"><strong>Prof. Adjunto Dr. Roberto Leonel Ventura Brignoli<\/strong><\/p>\n\n\n\n<p><strong>Grado III \u2013 Neuropsicolog\u00eda<\/strong><\/p>\n\n\n\n<p style=\"font-size:32px\"><strong>Prof. Adjunto Dr.&nbsp;Bernardo Alonso Castro<\/strong><\/p>\n\n\n\n<p><strong>Grado III \u2013 Terapia Intensiva Pedi\u00e1trica<\/strong><\/p>\n\n\n\n<p style=\"font-size:32px\"><strong>Prof. Adjunto Dr. Luis Germ\u00e1n Marrero P\u00e9rez<\/strong><\/p>\n\n\n\n<p><strong>Grado III \u2013 Traumatolog\u00eda y Ortopedia Pedi\u00e1trica<\/strong><\/p>\n\n\n\n<p class=\"has-large-font-size\"><strong>Dr. Claudio \u00c1ngel Iglesias<\/strong><\/p>\n\n\n\n<p><strong>Gastroenterolog\u00eda Pedi\u00e1trica<\/strong><\/p>\n\n\n\n<p><strong>Jefe del servicio de Gastroenterolog\u00eda, Hepatolog\u00eda y Nutrici\u00f3n Pedi\u00e1trica del Centro Hospitalario Pedi\u00e1trico Pereira Rossell<\/strong><strong><\/strong><\/p>\n","protected":false},"excerpt":{"rendered":"<p>Presentamos a nuestros Docentes, Profesores de distintas C\u00e1tedras\u00a0de la Facultad de\u00a0Medicina, quienes concurren a nuestra\u00a0Instituci\u00f3n, tanto a ofrecer consultas como a supervisar\u00a0diferentes Servicios\u00a0de COMECA. Prof. Dr. H\u00e9ctor Jos\u00e9 Juri \u00c1lvarez Grado V \u2013 Cirug\u00eda Pl\u00e1stica Coordinador de Cirug\u00eda Pl\u00e1stica Prof. Dr. Gustavo Orlando Rodr\u00edguez Temesio Grado V&nbsp;\u2013 Cirug\u00eda Jefe Departamento de\u00a0Cirug\u00eda Prof. Dr. Roberto Vali\u00f1as [&hellip;]<\/p>\n","protected":false},"author":1,"featured_media":3157,"parent":0,"menu_order":0,"comment_status":"closed","ping_status":"closed","template":"","meta":{"footnotes":""},"class_list":["post-3155","page","type-page","status-publish","has-post-thumbnail","hentry"],"_links":{"self":[{"href":"https:\/\/comeca.uy\/web\/wp-json\/wp\/v2\/pages\/3155","targetHints":{"allow":["GET"]}}],"collection":[{"href":"https:\/\/comeca.uy\/web\/wp-json\/wp\/v2\/pages"}],"about":[{"href":"https:\/\/comeca.uy\/web\/wp-json\/wp\/v2\/types\/page"}],"author":[{"embeddable":true,"href":"https:\/\/comeca.uy\/web\/wp-json\/wp\/v2\/users\/1"}],"replies":[{"embeddable":true,"href":"https:\/\/comeca.uy\/web\/wp-json\/wp\/v2\/comments?post=3155"}],"version-history":[{"count":0,"href":"https:\/\/comeca.uy\/web\/wp-json\/wp\/v2\/pages\/3155\/revisions"}],"wp:featuredmedia":[{"embeddable":true,"href":"https:\/\/comeca.uy\/web\/wp-json\/"}],"wp:attachment":[{"href":"https:\/\/comeca.uy\/web\/wp-json\/wp\/v2\/media?parent=3155"}],"curies":[{"name":"wp","href":"https:\/\/api.w.org\/{rel}","templated":true}]}}