{"id":2396,"date":"2015-08-06T13:07:34","date_gmt":"2015-08-06T16:07:34","guid":{"rendered":"http:\/\/www.comeca.uy\/web\/?page_id=155"},"modified":"2025-04-03T11:53:46","modified_gmt":"2025-04-03T11:53:46","slug":"r-s-e","status":"publish","type":"page","link":"https:\/\/comeca.uy\/web\/r-s-e\/","title":{"rendered":"R.S.E"},"content":{"rendered":"<p class=\"normal\">La Responsabilidad Social Empresaria es algo m\u00e1s que un conjunto de pr\u00e1cticas puntuales, iniciativas ocasionales o motivadas por el marketing, las relaciones p\u00fablicas u otros beneficios particulares; es una visi\u00f3n de negocios que incorpora a la gesti\u00f3n de la empresa, el respeto por los valores y principios \u00e9ticos, las personas, la comunidad y el medio ambiente.<\/p>\n<p class=\"normal\">Es la concepci\u00f3n de un amplio set de pol\u00edticas, pr\u00e1cticas y programas integrados en la operaci\u00f3n empresarial, que soportan el proceso de toma de decisiones, siendo reconocidos expl\u00edcitamente por la administraci\u00f3n.<\/p>\n<p class=\"normal\">Estos conceptos iniciados en los pa\u00edses m\u00e1s desarrollados y expandidos a todo el mundo \u2013 en particular a Am\u00e9rica Latina &#8211; se enlazan con las mejores tradiciones de la Gesti\u00f3n Empresarial y parte de la generalizaci\u00f3n de las pr\u00e1cticas exitosas de las m\u00e1s importantes empresas en todas las regiones del planeta.<\/p>\n<p class=\"normal\">Se trata de una nueva forma de gestionar la empresa frente a la nueva realidad econ\u00f3mica y social de las \u00faltimas d\u00e9cadas.<\/p>\n<p class=\"normal\">Los principios de la Responsabilidad Social Empresaria se han demostrado como experiencias exitosas en los casos concretos en los que se han aplicado, existiendo hoy numerosos estudios emp\u00edricos que muestran que las empresas alineadas con este concepto tienen resultados positivos en su gesti\u00f3n general.<\/p>\n<p class=\"normal\">Este proceso se ha visto alentado como resultado de la presi\u00f3n proveniente de los consumidores, los proveedores, la comunidad, los inversionistas, las organizaciones no gubernamentales y otros actores sociales.<\/p>\n<p class=\"normal\">Habiendo sido los inicios en los pa\u00edses m\u00e1s desarrollados, hoy se expande en todo el mundo y en particular en Am\u00e9rica Latina.<\/p>\n<p class=\"normal\"><b>Valores y Principio \u00c9ticos<\/b><\/p>\n<p class=\"normal\">Es el enfoque de los negocios basado en los valores, es decir la integraci\u00f3n en el proceso del conjunto de principios b\u00e1sicos que reflejan los ideales y creencias que ofician de gu\u00eda para la toma de decisiones y el logro de objetivos estrat\u00e9gicos.<\/p>\n<p class=\"normal\"><b>Apoyo a la Comunidad<\/b><\/p>\n<p class=\"normal\">Las empresas realizan un amplio rango de acciones para maximizar el impacto positivo de su trabajo en las comunidades locales en las cuales opera, para beneficio mutuo.<\/p>\n<p class=\"normal\">Esto incluye contribuciones de dinero, tiempo, productos, servicios, influencias, administraci\u00f3n del conocimiento y otros recursos, que impulsan el esp\u00edritu emprendedor, la microempresa, entre otros y tiene por objetivo principal el crecimiento econ\u00f3mico, tanto de la empresa como de la comunidad en la que est\u00e1 inserta.<\/p>\n<p class=\"normal\"><b>Marketing Responsable<\/b><\/p>\n<p class=\"normal\">Involucra aquellas decisiones de la empresa relacionadas fundamentalmente con sus clientes y\/o consumidores.<\/p>\n<p class=\"normal\">Se vincula con la integridad del producto, las pr\u00e1cticas comerciales, los precios, la distribuci\u00f3n, la divulgaci\u00f3n de las caracter\u00edsticas del producto, el marketing y la publicidad.<\/p>\n<p class=\"normal\"><b>Protecci\u00f3n del Medio Ambiente<\/b><\/p>\n<p class=\"normal\">Es el compromiso de la organizaci\u00f3n empresarial con el Medio Ambiente\u00a0 y\u00a0 el desarrollo sustentable.<\/p>\n<p class=\"normal\">Esto que hoy inclusive se encuentra normalizado, implica una inclinaci\u00f3n permanente y consciente del empresario para evaluar el impacto medio ambiental que tienen sus acciones.<\/p>\n<p class=\"normal\"><b>Calidad de Vida Laboral<\/b><\/p>\n<p class=\"normal\">Son las pol\u00edticas de recursos humanos que afectan a los empleados, tales como compensaciones y beneficios, carrera administrativa, capacitaci\u00f3n, diversidad, balance trabajo-tiempo libre, salud, seguridad laboral, etc.<\/p>\n<p class=\"normal\">Los objetivos trazados en una primera etapa han sido<\/p>\n<p class=\"normal\">Mejorar el clima laboral de manera de:<\/p>\n<p class=\"normal\">\u00a0\u00a0\u00a0\u00a0\u00a0\u00a0\u00a0 \u00a0\u00a0\u00a0 disminuir el ausentismo<\/p>\n<p class=\"normal\">\u00a0\u00a0\u00a0\u00a0\u00a0\u00a0\u00a0 \u00a0\u00a0\u00a0 ampliar la productividad<\/p>\n<p class=\"normal\">\u00a0\u00a0\u00a0\u00a0\u00a0\u00a0\u00a0 \u00a0\u00a0\u00a0 minimizar la rotaci\u00f3n<\/p>\n<p class=\"normal\">\u00a0\u00a0\u00a0\u00a0\u00a0\u00a0\u00a0 \u00a0\u00a0\u00a0 retener a los talentos<\/p>\n<p class=\"normal\">Acceder a clientes m\u00e1s exigentes<\/p>\n<p class=\"normal\">Fortalecer la cadena de valor<\/p>\n<p class=\"normal\">Lograr mayor fidelizaci\u00f3n y reconocimiento de nuestros usuarios y proveedores<\/p>\n<p class=\"normal\">Incrementar el valor de la marca<\/p>\n<p class=\"normal\">Tener mayor fortaleza para afrontar situaciones de conflicto<\/p>\n<p class=\"normal\">Los primeros pasos en este proyecto<\/p>\n<p class=\"normal\">El 19 de diciembre de 2006, la certeza que ten\u00edan nuestros directivos respecto a que: una empresa altamente productiva, plenamente humana y que deseara perdurar en el tiempo, es aquella cuya filosof\u00eda se basa en el respeto, la justicia, la confianza y el afecto; nos llev\u00f3 a asumir el compromiso de comenzar a trabajar en acciones de Responsabilidad Social Empresaria.<\/p>\n<p class=\"normal\">Desde entonces hemos asumido que la columna vertebral de la empresa ya no es m\u00e1s su organizaci\u00f3n, ni sus sistemas, ni la tecnolog\u00eda que aplica; para nosotros lo m\u00e1s importante es la filosof\u00eda empresarial y nuestros valores.<\/p>\n<p class=\"normal\">La gran misi\u00f3n que tenemos como empresa es brindarle a la sociedad bienes y servicios que satisfagan sus necesidades, generando valor agregado y resultados econ\u00f3micos que permitan la justa remuneraci\u00f3n de las partes, as\u00ed como la sustentabilidad econ\u00f3mica de la organizaci\u00f3n en el tiempo.<\/p>\n<p class=\"normal\">Es por eso que una empresa que se considere socialmente responsable deber\u00e1:<\/p>\n<p class=\"normal\">&#8211;\u00a0\u00a0\u00a0\u00a0\u00a0 Tener un comportamiento que vaya m\u00e1s all\u00e1 del cumplimiento de los m\u00ednimos reglamentarios, optimizando en forma y contenido la aplicaci\u00f3n de todo lo que le es exigible.<\/p>\n<p class=\"normal\">&#8211;\u00a0\u00a0\u00a0\u00a0\u00a0 Asegurarse que sus directivos act\u00faen en forma \u00e9tica.<\/p>\n<p class=\"normal\">&#8211;\u00a0\u00a0\u00a0\u00a0\u00a0 Priorizar las relaciones con los trabajadores, asegurando unas condiciones de trabajo seguras y saludables.<\/p>\n<p class=\"normal\">&#8211;\u00a0\u00a0\u00a0\u00a0\u00a0 Respetar el medio ambiente.<\/p>\n<p class=\"normal\">&#8211;\u00a0\u00a0\u00a0\u00a0\u00a0 Integrarse a la comunidad de la que forma parte, respondiendo con la sensibilidad adecuada y las acciones sociales oportunas a las necesidades planteadas, atendi\u00e9ndolas de la mejor forma posible y estando en equilibrio sus intereses con los de la sociedad.<\/p>\n<p class=\"normal\">El proceso que llevamos adelante<\/p>\n<p class=\"normal\">Haber definido el proceso signific\u00f3 pasar por distintas etapas y fases para la aplicaci\u00f3n de este tipo de pol\u00edticas, dependiendo de las caracter\u00edsticas propias de nuestra idiosincrasia y nuestros recursos disponibles.<\/p>\n<p class=\"normal\">El concepto de Responsabilidad Social Empresaria se integra entonces a nuestra visi\u00f3n de la organizaci\u00f3n y se incorpora a la gesti\u00f3n.<\/p>\n<p class=\"normal\">Para eso se requiere del involucramiento expl\u00edcito de la Direcci\u00f3n, as\u00ed como tambi\u00e9n de nuestro personal.<\/p>\n<p class=\"normal\">En primer lugar creamos una comunicaci\u00f3n interna dirigida a los funcionarios con informaci\u00f3n sobre el tema Responsabilidad Social Empresaria, generando un grupo de trabajo que comenzara a implementar las acciones a trav\u00e9s de un plan de acci\u00f3n sobre cada una de las distintas \u00e1reas de trabajo:<\/p>\n<p class=\"normal\">\u00b7\u00a0\u00a0\u00a0\u00a0\u00a0\u00a0\u00a0\u00a0 Acciones relativas a valores y principios \u00e9ticos<\/p>\n<p class=\"normal\">\u00b7\u00a0\u00a0\u00a0\u00a0\u00a0\u00a0\u00a0\u00a0 Ambiente de trabajo y empleo<\/p>\n<p class=\"normal\">\u00b7\u00a0\u00a0\u00a0\u00a0\u00a0\u00a0\u00a0\u00a0 Protecci\u00f3n del medio ambiente<\/p>\n<p class=\"normal\">\u00b7\u00a0\u00a0\u00a0\u00a0\u00a0\u00a0\u00a0\u00a0 Marketing responsable<\/p>\n<p class=\"normal\">\u00b7\u00a0\u00a0\u00a0\u00a0\u00a0\u00a0\u00a0\u00a0 Apoyo a la comunidad<\/p>\n<p class=\"normal\">la implementaci\u00f3n de pr\u00e1cticas responsables, la evaluaci\u00f3n y ajuste del plan inicial y la realizaci\u00f3n de acciones a mayor escala.<\/p>\n<p class=\"normal\">Se definieron tres \u00e1reas en las que se comenzaron a trabajar, ellas fueron<\/p>\n<p class=\"normal\">\u00a0\u00a0\u00a0\u00a0\u00a0\u00a0\u00a0 \u00a0\u00a0\u00a0 Valores y principios \u00e9ticos<\/p>\n<p class=\"normal\">\u00a0\u00a0\u00a0\u00a0\u00a0\u00a0\u00a0 \u00a0\u00a0\u00a0 Apoyo a la comunidad<\/p>\n<p class=\"normal\">\u00a0\u00a0\u00a0\u00a0\u00a0\u00a0\u00a0 \u00a0\u00a0\u00a0 Ambiente de trabajo<\/p>\n<p class=\"normal\">Como primer paso en la definici\u00f3n de Valores y Principios \u00c9ticos se procedi\u00f3 a elaborar la definici\u00f3n\u00a0 acerca del significado que tienen para la Empresa:<\/p>\n<p class=\"normal\">Nuestra Visi\u00f3n<\/p>\n<p class=\"normal\">Somos una empresa que ofrece y desarrolla servicios integrales de salud de alta calidad, promoviendo la satisfacci\u00f3n de las necesidades de nuestros usuarios internos y externos, mediante una eficiente gesti\u00f3n de los recursos.<\/p>\n<p class=\"normal\">Nuestra Misi\u00f3n<\/p>\n<p class=\"normal\">\u00b7\u00a0\u00a0\u00a0\u00a0\u00a0\u00a0\u00a0\u00a0 Continuar a la vanguardia en los servicios de salud referentes a nivel nacional, ofreciendo una atenci\u00f3n integral, humana, oportuna y de calidad<\/p>\n<p class=\"normal\">\u00b7\u00a0\u00a0\u00a0\u00a0\u00a0\u00a0\u00a0\u00a0 Desarrollar un proceso de mejora continua que incluya la capacitaci\u00f3n de recursos humanos, la incorporaci\u00f3n de tecnolog\u00eda y la adecuaci\u00f3n permanente de las instalaciones.<\/p>\n<p class=\"normal\">\u00b7\u00a0\u00a0\u00a0\u00a0\u00a0\u00a0\u00a0\u00a0 Generar un \u00e1mbito de integraci\u00f3n y compromiso de todos en un marco de responsabilidad social.<\/p>\n<p class=\"normal\">\u00b7\u00a0\u00a0\u00a0\u00a0\u00a0\u00a0\u00a0\u00a0 Fomentar, concebir y dise\u00f1ar emprendimientos regionales en el interior del pa\u00eds, conjuntamente con FEMI, y en concordancia con las pol\u00edticas nacionales de salud.<\/p>\n<p class=\"normal\">Nuestros VALORES<\/p>\n<p class=\"normal\">Honestidad, Respeto, Comunicaci\u00f3n, Responsabilidad, Iniciativa, Eficiencia en el desempe\u00f1o de la funci\u00f3n, Capacitaci\u00f3n y aprendizaje, Optima atenci\u00f3n al cliente, Armon\u00eda y Cooperaci\u00f3n.<\/p>\n<p class=\"normal\">\n<p>&#8211;\u00a0\u00a0\u00a0\u00a0\u00a0\u00a0\u00a0\u00a0 <b>Valores y principios \u00e9ticos<\/b><\/p>\n<p>&nbsp;<\/p>\n<ol>\n<li>mantiene una pol\u00edtica de respeto ya sea tanto en su \u00e1mbito interno como\u00a0 con sus usuarios y familiares. Se promueve la amabilidad\u00a0 y las buenas costumbres de convivencia durante la internaci\u00f3n y en la asistencia ambulatoria.<\/li>\n<\/ol>\n<p>&nbsp;<\/p>\n<p>Se realiza atenci\u00f3n con obsequios y men\u00fa especial , el d\u00eda de la madre, el d\u00eda del ni\u00f1o, el d\u00eda de reyes<\/p>\n<p>&nbsp;<\/p>\n<p>&#8211;\u00a0\u00a0\u00a0\u00a0\u00a0\u00a0\u00a0\u00a0 <b>Ambiente de trabajo y empleo:<\/b><\/p>\n<p>&nbsp;<\/p>\n<p>Adem\u00e1s \u00a0de cumplir con todas las obligaciones y leyes laborales , nuestra empresa apoya la capacitaci\u00f3n profesional de sus integrantes: concurrencia a congresos m\u00e9dicos y jornadas de enfermer\u00eda. Cursos de compradores de COCEMI, cursos de Atenci\u00f3n AL Publico, Jornadas de Medicina Intensiva del Interior, Cursos sobre Seguridad del paciente, Soporte Nutricional y metab\u00f3lico Congreso de t\u00e9cnicos Laboratoristas, Cursos para funcionarios de mantenimiento en electricidad, acondicionamiento t\u00e9rmico, Cursos de Educaci\u00f3n medica continua y permanente dentro de la instituci\u00f3n, Curso de Higiene Hospitalaria para personal de Servicio.<\/p>\n<p>&nbsp;<\/p>\n<p>Con respecto AL clima laboral se promueve el confort del trabajador aportando calzado anat\u00f3mico para su jornada laboral, se realizan controles\u00a0 de salud laboral , a los trabajadores de \u00e1reas especiales .<\/p>\n<p>La empresa asume el costo de los cursos de Manipulaci\u00f3n de alimentos, para funcionarios del dpto. de alimentaci\u00f3n.<\/p>\n<p>Se otorgan beneficios en el precio de tickets y ordenes para funcionarios y sus familiares directos , incluyendo a sus nietos.<\/p>\n<p>Asi como tambi\u00e9n a los integrantes de las empresas contratadas<\/p>\n<p>&nbsp;<\/p>\n<ol>\n<li>otorga a los hijos de funcionarios , beneficios en los concursos para ocupar puestos de trabajo en la empresa.<\/li>\n<\/ol>\n<p>&nbsp;<\/p>\n<ol>\n<li>entrega un pack de \u00fatiles escolares AL comienzo de clases a los hijos de los funcionarios , acorde a nivel preescolar, escolar y liceal.<\/li>\n<\/ol>\n<p>&nbsp;<\/p>\n<p>Se obsequia anualmente un regalo empresarial a todos los funcionarios\u00a0 e integrantes de empresas contratadas.<\/p>\n<p>Se realiza un premio\u00a0 en efectivo a los funcionarios \u00a0\u00a0, acorde a los resultados\u00a0 de los excedentes financieros de cada a\u00f1o.<\/p>\n<p>Se facilita la vacunaci\u00f3n durante el\u00a0 horario de trabajo\u00a0 para dar mayor cobertura de salud a nuestros funcionarios ( gripe, tos convulsa)<\/p>\n<p>&nbsp;<\/p>\n<p>&nbsp;<\/p>\n<p>&#8211;\u00a0\u00a0\u00a0\u00a0\u00a0\u00a0\u00a0\u00a0 <b>Apoyo a la comunidad<\/b><\/p>\n<p>&nbsp;<\/p>\n<p>Se mantiene el apoyo a\u00a0 Adultos mayores a trav\u00e9s de aporte econ\u00f3mico a l hogar de ancianos Maximo Cenoz Hita y Asociaci\u00f3n de Jubilados de Santa Lucia, como tambi\u00e9n a la Asociaci\u00f3n de Jubilados de Canelones y el Grupo Vivir con alegr\u00eda.<\/p>\n<p>Se entrega ropa de cama a los hogares de ancianos de Canelones y Santa lucia.<\/p>\n<p>Se colabora con las plazas de deportes de la zona , apoyando\u00a0 la integraci\u00f3n de los j\u00f3venes a trav\u00e9s del\u00a0 deporte : Encuentro Interpiscinas en plaza de deportes Zolio\u00a0 Saldombide. As\u00ed como tambi\u00e9n apoyo a actividades recreativas culturales con\u00a0 Las cacer\u00edas hist\u00f3ricas \u00a0organizadas por la escuela t\u00e9cnica de canelones UTU , el Liceo Guadalupe y el Liceo n\u00ba2 de canelones.<\/p>\n<p>Se donan muebles de oficina en desuso a\u00a0 escuelas p\u00fablicas de la zona.<\/p>\n<p>Se apoya el programa de salud Bucal escolar \u00a0, enviado odont\u00f3logos a escuelas suburbanas y rurales de Canelones<\/p>\n<p>Se reciben anualmente a estudiantes en pasant\u00edas practicas de la Carrera de auxiliar en registros m\u00e9dicos , as\u00ed como tambi\u00e9n auxiliares de farmacia.<\/p>\n<p>Se\u00a0 aportan consultas de salud renal por parte de nuestras nefr\u00f3logas en el Hospital Dr. F Soca de canelones.<\/p>\n<p>Se mantiene el convenio \u201c9 lunas\u201d con ASSE aportando nuestra partera de guardia , para asistir a consultas de urgencia y emergencia de embarazadas en el Centro de MSP de santa lucia.<\/p>\n<p>Se presta nuestro sal\u00f3n de actos en canelones para jornadas y encuentros de asociaciones de profesionales ( escribanos ) y\u00a0 agrupaciones con acciones sociales ( grupo\u00a0 de apoyo\u00a0 a mujeres mastectomizadas), como tambi\u00e9n para video conferencias medicas abiertas a todos los m\u00e9dicos del departamento.<\/p>\n<p>&nbsp;<\/p>\n<p>&#8211;\u00a0\u00a0\u00a0\u00a0\u00a0\u00a0\u00a0\u00a0 <b>Protecci\u00f3n del medio Ambiente.<\/b><\/p>\n<p>. Se utiliza energ\u00eda renovable \u00a0en el sanatorio n2 se cuanta con paneles solares.<\/p>\n<p>Se realiza reciclaje de material inform\u00e1tico a trav\u00e9s del convenio con WERBA)<\/p>\n<p>Disposici\u00f3n final y traslado responsable de los residuos hospitalarios a trav\u00e9s de la empres a ABORGAMA.<\/p>\n<p>Reciclaje de cart\u00f3n a trav\u00e9s de convenio con proveedores.<\/p>\n<p><b>-Marketing responsable .<\/b><\/p>\n<p>Comeca promueve las h\u00e1bitos saludables en todas sus acciones de marketing.<\/p>\n<p>Se realiza publicidad responsable con respecto a sus productos.<\/p>\n","protected":false},"excerpt":{"rendered":"<p>La Responsabilidad Social Empresaria es algo m\u00e1s que un conjunto de pr\u00e1cticas puntuales, iniciativas ocasionales o motivadas por el marketing, las relaciones p\u00fablicas u otros beneficios particulares; es una visi\u00f3n de negocios que incorpora a la gesti\u00f3n de la empresa, el respeto por los valores y principios \u00e9ticos, las personas, la comunidad y el medio [&hellip;]<\/p>\n","protected":false},"author":1,"featured_media":0,"parent":0,"menu_order":0,"comment_status":"closed","ping_status":"closed","template":"","meta":{"footnotes":""},"class_list":["post-2396","page","type-page","status-publish","hentry"],"_links":{"self":[{"href":"https:\/\/comeca.uy\/web\/wp-json\/wp\/v2\/pages\/2396","targetHints":{"allow":["GET"]}}],"collection":[{"href":"https:\/\/comeca.uy\/web\/wp-json\/wp\/v2\/pages"}],"about":[{"href":"https:\/\/comeca.uy\/web\/wp-json\/wp\/v2\/types\/page"}],"author":[{"embeddable":true,"href":"https:\/\/comeca.uy\/web\/wp-json\/wp\/v2\/users\/1"}],"replies":[{"embeddable":true,"href":"https:\/\/comeca.uy\/web\/wp-json\/wp\/v2\/comments?post=2396"}],"version-history":[{"count":1,"href":"https:\/\/comeca.uy\/web\/wp-json\/wp\/v2\/pages\/2396\/revisions"}],"predecessor-version":[{"id":3443,"href":"https:\/\/comeca.uy\/web\/wp-json\/wp\/v2\/pages\/2396\/revisions\/3443"}],"wp:attachment":[{"href":"https:\/\/comeca.uy\/web\/wp-json\/wp\/v2\/media?parent=2396"}],"curies":[{"name":"wp","href":"https:\/\/api.w.org\/{rel}","templated":true}]}}