{"id":158,"date":"2015-08-06T13:37:32","date_gmt":"2015-08-06T16:37:32","guid":{"rendered":"http:\/\/www.comeca.uy\/web\/?page_id=158"},"modified":"2025-04-03T11:53:08","modified_gmt":"2025-04-03T11:53:08","slug":"afiliacion","status":"publish","type":"page","link":"https:\/\/comeca.uy\/web\/afiliacion\/","title":{"rendered":"Afiliaci\u00f3n"},"content":{"rendered":"<p align=\"center\">DEPARTAMENTO DE GESTION DE AFILIACIONES<\/p>\n<p>El Departamento de Gesti\u00f3n de Afiliados, realiza\u00a0\u00a0 el\u00a0 ingreso de las personas cuando se incorporan al padr\u00f3n de\u00a0 COMECA como usuarios de nuestra instituci\u00f3n<\/p>\n<p>Ud. puede afiliarse a trav\u00e9s de diferentes opciones\u00a0 : AFILIACION INDIVIDUAL , FONASA,\u00a0 o\u00a0\u00a0 CONVENIOS COLECTIVOS \u00a0.<\/p>\n<p>Nuestra oficina esta a sus \u00f3rdenes para asesorar\u00a0 y realizar todas las gestiones sobre su afiliaci\u00f3n :\u00a0 recabar\u00a0 sus datos patron\u00edmicos, coordinar su ex\u00e1men m\u00e9dico de ingreso, generar\u00a0su\u00a0 cuota mutual, \u00a0o \u00a0cancelaci\u00f3n de la misma, hasta su desafiliaci\u00f3n de la Instituci\u00f3n.<\/p>\n<p>COMECA ofrece a sus afiliados Servicios Adicionales, accediendo a trav\u00e9s de una cuota mensual : Servicio F\u00fanebre, Salas Individuales, \u00a0Seguro \u00a0Odont\u00f3gico.<\/p>\n<p>Ofrece tambi\u00e9n a sus afiliados bonificaci\u00f3n\u00a0 en la cuota individual o grupo familiar en el \u00a0Servicio de Emergencia M\u00f3vil (SEMIC).<\/p>\n<p>Los afiliados a COMECA deben concurrir al Departamento de Gesti\u00f3n de Afiliados si requieren de los siguientes tr\u00e1mites o documentaci\u00f3n:<\/p>\n<ul>\n<li>Carn\u00e9 nacido vivo electr\u00f3nico, para\u00a0 Registro Civil<\/li>\n<\/ul>\n<ul>\n<li>Todo tr\u00e1mite referente a la embarazada ( presentaci\u00f3n de la constancia de embarazo, carn\u00e9 SIP , perinatal, derivaci\u00f3n de la embarazada al Dpto. Admisi\u00f3n , a retirar \u00f3rden para el control odolont\u00f3gico).Asesoramiento de afiliaci\u00f3n PRENATAL\u00a0 del\u00a0 bebe<\/li>\n<\/ul>\n<ul>\n<li>Afiliaci\u00f3n por FONASA ir<\/li>\n<\/ul>\n<ul>\n<li>Declaraci\u00f3n jurada de ingresos de pasivos para su afiliaci\u00f3n a FONASA (concurre con el recibo de jubilaci\u00f3n y fotocopia de c\u00e9dula de identidad).<\/li>\n<\/ul>\n<ul>\n<li>Afiliaciones por FONASA\u00a0 de filiales.<\/li>\n<\/ul>\n<ul>\n<li>Afiliaci\u00f3n individual ( concurre por el departamento de Admisi\u00f3n a solicitar d\u00eda y hora para un ex\u00e1men m\u00e9dico, con fotocopia de c\u00e9dula de identidad, una vez realizado, el departamento de Gesti\u00f3n de Afiliados, informa la resoluci\u00f3n del mismo por parte de Direcci\u00f3n Asistencial).<\/li>\n<\/ul>\n<ul>\n<li>el mismo procedimiento se aplica para las personas que desean tener su cobertura\u00a0 a trav\u00e9s de Convenios; se adjunta a este \u00faltimo la autorizaci\u00f3n del Convenio.<\/li>\n<\/ul>\n<p>&nbsp;<\/p>\n<p>Afiliaciones a :<\/p>\n<p>&#8211;\u00a0\u00a0\u00a0\u00a0\u00a0\u00a0\u00a0\u00a0 Seguro Odont\u00f3logico<\/p>\n<p>&#8211;\u00a0\u00a0\u00a0\u00a0\u00a0\u00a0\u00a0\u00a0 Salas Indiviuales<\/p>\n<p>&#8211;\u00a0\u00a0\u00a0\u00a0\u00a0\u00a0\u00a0\u00a0 Servicio F\u00fanebre<\/p>\n<p>&#8211;\u00a0\u00a0\u00a0\u00a0\u00a0\u00a0\u00a0\u00a0 \u00a0SEMIC<\/p>\n<ul>\n<li>Tr\u00e1mites\u00a0 para bajas de todos los servicios que brinda COMECA.<\/li>\n<\/ul>\n<ul>\n<li>adicaci\u00f3n temporaria en otras ciudades del pa\u00eds , para mantener la afiliaci\u00f3n\u00a0 y tener asistencia a trav\u00e9s del sistema FEMI<\/li>\n<\/ul>\n<ul>\n<li>Cambios de zona de asistencia por cambios de domicilio.<\/li>\n<\/ul>\n<ul>\n<li>Consultas sobre deudas de cuotas mutuales.<\/li>\n<\/ul>\n<ul>\n<li>Devoluci\u00f3n por doble afiliaci\u00f3n.<\/li>\n<\/ul>\n<ul>\n<li>Actualizaci\u00f3n<\/li>\n<\/ul>\n<p>&nbsp;<\/p>\n<p>Nuestras oficinas en \u00a0CANELONES \u00a0se ubican en nuestra policl\u00ednica\u00a0 central:\u00a0 calle Treinta y tres\u00a0 y\u00a0 Camera\u00a0 en el horario de\u00a0 8 a 19 horas, de Lunes a Viernes.<\/p>\n<p>Nuestro tel\u00e9fono es : 43322250-internos: 2041-2042-2043-2044-2045-2047-2048<\/p>\n<p>FAX: interno \u00a02040- 2046<\/p>\n<p>En SANTA\u00a0 LUC\u00cdA\u00a0\u00a0 policl\u00ednica\u00a0 central calle Artigas y Brasil ,<\/p>\n<p>en el horario de: 9 a 12 y\u00a0 12.30 a 16 los d\u00edas Lunes, Mi\u00e9rcoles, Jueves y Viernes;<\/p>\n<p>en el horario de 8 a 9.45 y 12 a 16.30\u00a0 el d\u00eda Martes.<\/p>\n<p>Nuestro tel\u00e9fono es\u00a0 43322250 , interno : 6107<\/p>\n<p>Tambi\u00e9n podr\u00e1 recibir orientaci\u00f3n e informaci\u00f3n en nuestras\u00a0 Policl\u00ednicas de filiales en :<\/p>\n<p>San Ram\u00f3n, Tala, Los \u00a0Cerrillos, Santa Rosa, San Antonio, San Bautista, Cuatro Piedras, Juanic\u00f3, Aguas Corrientes.<\/p>\n<p>&nbsp;<\/p>\n<p>ES\u00a0 FUNDAMENTAL\u00a0 que\u00a0 Ud\u00a0 MANTENGA SUS DATOS\u00a0 ACTUALIZADOS:<\/p>\n<p>Domicilio , tel\u00e9fono fijo , y\/o\u00a0 tel\u00e9fono celular , correo electr\u00f3nico,\u00a0 para su mejor atenci\u00f3n .<\/p>\n<p>Comun\u00edquelo de inmediato en caso de modificaciones, muchas gracias .<b><\/b><\/p>\n<p><b>\u00a0<\/b><\/p>\n<p>&nbsp;<\/p>\n","protected":false},"excerpt":{"rendered":"<p>DEPARTAMENTO DE GESTION DE AFILIACIONES El Departamento de Gesti\u00f3n de Afiliados, realiza\u00a0\u00a0 el\u00a0 ingreso de las personas cuando se incorporan al padr\u00f3n de\u00a0 COMECA como usuarios de nuestra instituci\u00f3n Ud. puede afiliarse a trav\u00e9s de diferentes opciones\u00a0 : AFILIACION INDIVIDUAL , FONASA,\u00a0 o\u00a0\u00a0 CONVENIOS COLECTIVOS \u00a0. Nuestra oficina esta a sus \u00f3rdenes para asesorar\u00a0 y [&hellip;]<\/p>\n","protected":false},"author":1,"featured_media":0,"parent":0,"menu_order":0,"comment_status":"closed","ping_status":"closed","template":"","meta":{"footnotes":""},"class_list":["post-158","page","type-page","status-publish","hentry"],"_links":{"self":[{"href":"https:\/\/comeca.uy\/web\/wp-json\/wp\/v2\/pages\/158","targetHints":{"allow":["GET"]}}],"collection":[{"href":"https:\/\/comeca.uy\/web\/wp-json\/wp\/v2\/pages"}],"about":[{"href":"https:\/\/comeca.uy\/web\/wp-json\/wp\/v2\/types\/page"}],"author":[{"embeddable":true,"href":"https:\/\/comeca.uy\/web\/wp-json\/wp\/v2\/users\/1"}],"replies":[{"embeddable":true,"href":"https:\/\/comeca.uy\/web\/wp-json\/wp\/v2\/comments?post=158"}],"version-history":[{"count":1,"href":"https:\/\/comeca.uy\/web\/wp-json\/wp\/v2\/pages\/158\/revisions"}],"predecessor-version":[{"id":3378,"href":"https:\/\/comeca.uy\/web\/wp-json\/wp\/v2\/pages\/158\/revisions\/3378"}],"wp:attachment":[{"href":"https:\/\/comeca.uy\/web\/wp-json\/wp\/v2\/media?parent=158"}],"curies":[{"name":"wp","href":"https:\/\/api.w.org\/{rel}","templated":true}]}}