{"id":152,"date":"2015-08-06T12:55:36","date_gmt":"2015-08-06T15:55:36","guid":{"rendered":"http:\/\/www.comeca.uy\/web\/?page_id=152"},"modified":"2025-04-03T11:53:08","modified_gmt":"2025-04-03T11:53:08","slug":"cobertura-nacional","status":"publish","type":"page","link":"https:\/\/comeca.uy\/web\/cobertura-nacional\/","title":{"rendered":"Cobertura Nacional"},"content":{"rendered":"<table id=\"table1\" border=\"0\" width=\"90%\" cellspacing=\"1\" cellpadding=\"2\">\n<tbody>\n<tr>\n<td>\n<p align=\"justify\"><strong><span style=\"color: #003366; font-family: Arial;\">INSTITUCIONES ASISTENCIALES<\/span><\/strong><span style=\"color: #003366; font-family: Arial;\"><b><br \/>\n<\/b><\/span><\/p>\n<\/td>\n<\/tr>\n<tr>\n<td>\n<p class=\"Estilo2\">\n<p class=\"Estilo5\"><u>REGIONAL NORTE<\/u><\/p>\n<p class=\"s2 Estilo7\"><strong>GREMEDA<\/strong><br \/>\n<strong><em>Cooperativa M\u00e9dica de Artigas <\/em><\/strong><br \/>\nH. Vasconcellos 538 \u2013 Artigas<br \/>\nTel. 4772 4001 Fax. 4772 3593<br \/>\n<a href=\"mailto:gremeda@femi.com.uy\">gremeda@femi.com.uy<\/a><\/p>\n<p class=\"Estilo7\"><strong>SMQS \u2013 CAM<\/strong><br \/>\n<strong><em>Sociedad M\u00e9dica Quir\u00fargica de Salto<\/em><\/strong><br \/>\n<strong><em>Centro de Asistencia M\u00e9dica<\/em><\/strong><br \/>\nLarra\u00f1aga 177 (P. Alta) \u2013 Salto (Directiva)<br \/>\nTel. 473 32213<br \/>\nServicios Asistenciales:<br \/>\nArtigas 917<br \/>\nTel. 473 31000 Urgencia: 473 29000<br \/>\n<a href=\"mailto:smqs@femi.com.uy\">smqs@femi.com.uy<\/a><br \/>\n<a href=\"https:\/\/www.smqs.com.uy\/\">www.smqs.com.uy<\/a><\/p>\n<p class=\"Estilo7\"><strong>COMEPA<\/strong><br \/>\n<strong><em>Corporaci\u00f3n M\u00e9dica de Paysand\u00fa<\/em><\/strong><br \/>\nCol\u00f3n 1224 \u2013 Paysand\u00fa<br \/>\nTel. 4723 2100 Fax. 4723 2100 int. 1102<br \/>\n<a href=\"mailto:comepa@comepa.com.uy\">comepa@comepa.com.uy<\/a><br \/>\n<a href=\"https:\/\/www.comepa.com.uy\/\">www.comepa.com.uy<\/a><\/p>\n<p class=\"Estilo7\"><strong>CASMER<\/strong><br \/>\n<strong><em>Cooperativa \u00a0Asistencial M\u00e9dica de Rivera<\/em><\/strong><br \/>\nItuzaing\u00f3 471 \u2013 Rivera<br \/>\nTel. 4622 7711 Fax. 4622 4285<br \/>\n<a href=\"mailto:cdirectivo@casmer.com.uy\">cdirectivo@casmer.com.uy<\/a><br \/>\n<a href=\"https:\/\/www.casmer.com.uy\/\">www.casmer.com.uy<\/a><\/p>\n<p class=\"Estilo7\"><strong>COMTA<\/strong><br \/>\n<strong><em>Cooperativa M\u00e9dica de Tacuaremb\u00f3<\/em><\/strong><br \/>\n18 de Julio 309 \u2013 Tacuaremb\u00f3<br \/>\nTel. 4632 5111 Fax. 4632 3142<br \/>\n<a href=\"mailto:comta@femi.com.uy\">comta@femi.com.uy<\/a><br \/>\n<a href=\"https:\/\/www.comta.com.uy\/\">www.comta.com.uy<\/a><\/p>\n<p class=\"Estilo7\"><strong>COMTA \u2013 Paso de los Toros<\/strong><br \/>\n<strong><em>Cooperativa M\u00e9dica de Tacuaremb\u00f3 Filial Paso de los Toros<\/em><\/strong><br \/>\nBvar. Artigas 357 \u2013 Paso de los Toros<br \/>\nTel. 4664 2019\/ 5164\/ 2791 Fax. 4664 2791int. 6<br \/>\n<a href=\"mailto:comtapt@femi.com.uy\">comtapt@femi.com.uy<\/a><\/p>\n<p class=\"Estilo5\"><u>REGIONAL LITORAL OESTE<\/u><\/p>\n<p class=\"Estilo7\"><strong>AMEDRIN<\/strong><br \/>\n<strong><em>Asistencial M\u00e9dica de R\u00edo Negro Cooperativa<\/em><\/strong><br \/>\nRinc\u00f3n y Argentina \u2013 Fray Bentos<br \/>\nTel. 4562 5555 Fax. 4562 2447<br \/>\n<a href=\"mailto:amedrin@femi.com.uy\">amedrin@femi.com.uy<\/a><br \/>\n<a href=\"mailto:amedrin@amedrin.com.uy\">amedrin@amedrin.com.uy<\/a><br \/>\n<a href=\"https:\/\/www.amedrin.com.uy\/\">www.amedrin.com.uy<\/a><\/p>\n<p class=\"Estilo7\"><strong>CAMY<\/strong><br \/>\n<strong><em>Cooperativa de Asistencia M\u00e9dica de Young<\/em><\/strong><br \/>\n25 de Agosto 3450 \u2013 Young<br \/>\nTel. 4567 2380 Fax. 4567 2646<br \/>\n<a href=\"mailto:camy@adinet.com.uy\">camy@adinet.com.uy<\/a><\/p>\n<p class=\"Estilo7\"><strong>CAMS<\/strong><br \/>\n<strong><em>Cooperativa de Asistencia M\u00e9dica de Soriano<\/em><\/strong><br \/>\nCareaga 762 \u2013 Mercedes<br \/>\nTel. 4532 2813\/ 3444\/ 3853 Fax. 4532 3444<br \/>\n<a href=\"mailto:cams@femi.com.uy\">cams@femi.com.uy<\/a><\/p>\n<p class=\"Estilo7\"><strong>ORAMECO<\/strong><br \/>\n<strong><em>Organizaci\u00f3n Asistencial M\u00e9dica Cooperativa de Colonia <\/em><\/strong><br \/>\nPolicl\u00ednica Centro Materno Infantil:<br \/>\n18 de Julio 374 \u2013 Colonia<br \/>\nTel. 4522 5030<br \/>\nFax. 4522 0725<br \/>\n<a href=\"mailto:orameco@femi.com.uy\">orameco@femi.com.uy<\/a><\/p>\n<p class=\"Estilo7\">\n<p class=\"Estilo7\"><strong>CAMEC<\/strong><br \/>\n<strong><em>Cooperativa Asistencial M\u00e9dica del Este de Colonia<\/em><\/strong><br \/>\nItuzaing\u00f3 y Bol\u00edvar \u2013 Rosario<br \/>\nTel. 4552 2964\/2702 Fax. 4552 2964<br \/>\n<a href=\"mailto:camec@femi.com.uy\">camec@femi.com.uy<\/a><\/p>\n<p class=\"Estilo7\"><strong>CAMOC<\/strong><br \/>\n<strong><em>Cooperativa Asistencial M\u00e9dica del Oeste de Colonia<\/em><\/strong><br \/>\nZorrilla de San Mart\u00edn 683 \u2013 Carmelo<br \/>\nTel. 4542 2245 Fax. 4542 5043<br \/>\n<a href=\"mailto:camoc@femi.com.uy\">camoc@femi.com.uy<\/a><\/p>\n<p class=\"Estilo5\"><u>REGIONAL CENTRO SUR<\/u><\/p>\n<p class=\"Estilo7\"><strong>ASOC. M\u00c9DICA DE SAN JOS\u00c9<\/strong><br \/>\n<strong><em>Asociaci\u00f3n M\u00e9dica de San Jos\u00e9 Cooperativa<\/em><\/strong><br \/>\nTreinta y Tres 633 \u2013 San Jos\u00e9<br \/>\nTel. 4342 2215 Fax. 4342 2215\/ 4342 2270 int.501<br \/>\n<a href=\"mailto:rrpp@amsj.com.uy\">rrpp@amsj.com.uy<\/a><br \/>\n<a href=\"https:\/\/www.amsj.com.uy\/\">www.amsj.com.uy<\/a><\/p>\n<p class=\"Estilo7\"><strong>CAMEDUR<\/strong><br \/>\n<strong><em>Cooperativa de Asistencia M\u00e9dica de Durazno<\/em><\/strong><br \/>\n19 de Abril 972 \u2013 Durazno<br \/>\nTel. 4362 3381 Fax. 4362 3488<br \/>\n<a href=\"mailto:camedur@femi.com.uy\">camedur@femi.com.uy<\/a><\/p>\n<p class=\"Estilo7\"><strong>COMEF<\/strong><br \/>\n<strong><em>Cooperativa M\u00e9dica de Florida<\/em><\/strong><br \/>\nPolicl\u00ednica:<br \/>\nAntonio Ma. Fern\u00e1ndez 492 \u2013 Florida<br \/>\nTel. 4352 9090\/ 5141 Fax. 4352 9090 int. 4201\/4401<br \/>\n<a href=\"mailto:comef@comef.com.uy\">comef@comef.com.uy<\/a><br \/>\n<a href=\"https:\/\/www.comef.com.uy\/\">www.comef.com.uy<\/a><\/p>\n<p class=\"Estilo7\"><strong>COMECA<\/strong><br \/>\n<strong><em>Cooperativa M\u00e9dica de Canelones<\/em><\/strong><br \/>\nBatlle y Ord\u00f3\u00f1ez 136 \u2013 Canelones<br \/>\nTel. 4332 2250 Fax. 4332 2250<br \/>\n<a href=\"mailto:comeca@comeca.com.uy\">comeca@comeca.com.uy<\/a><br \/>\n<a href=\"https:\/\/www.comeca.com.uy\/\">www.comeca.com.uy<\/a><\/p>\n<p class=\"Estilo7\"><strong>CAAMEPA<\/strong><br \/>\n<strong><em>Centro de Asistencia de la Agrupaci\u00f3n M\u00e9dica de Pando<\/em><\/strong><br \/>\nBaltasar Brum 1224 \u2013 Pando<br \/>\nTel. 2292 51 11 Fax. 2292 51 11<br \/>\n<a href=\"mailto:caamepa@femi.com.uy\">caamepa@femi.com.uy<\/a><\/p>\n<p class=\"Estilo7\"><strong>CRAMI<\/strong><br \/>\n<strong><em>Cooperativa Regional de Asistencia M\u00e9dica Integral<\/em><\/strong><br \/>\nEllauri 622 y Rivera \u2013 Las Piedras<br \/>\nTel. 2364 33 84\/86 Sanatorios: 2364 33 44<br \/>\nPolicl\u00ednico central: 2365 03 65 Las Piedras<br \/>\n<a href=\"mailto:crami@crami.com.uy\">crami@crami.com.uy<\/a><br \/>\n<a href=\"https:\/\/www.crami.com.uy\/\">www.crami.com.uy<\/a><\/p>\n<p class=\"Estilo7\"><strong>COMEFLO<\/strong><br \/>\n<strong><em>Cooperativa M\u00e9dica de Flores<\/em><\/strong><br \/>\nFray Ubeda 647 \u2013 Trinidad<br \/>\nTel. 4364 2228\/ 2202 Fax. 4364 3787<br \/>\n<u><a href=\"mailto:comeflo@femi.com.uy\">comeflo@femi.com.uy<\/a> \u00a0<\/u><\/p>\n<p class=\"Estilo5\"><u>REGIONAL ESTE<\/u><\/p>\n<p class=\"Estilo7\"><strong>CAMCEL<\/strong><br \/>\n<strong><em>Cooperativa M\u00e9dica de Cerro Largo<\/em><\/strong><br \/>\nAgust\u00edn de La Rosa 576 \u2013 Melo<br \/>\nTel. 4642 8686 Fax. 4642 0823<br \/>\nTel. Afiliaciones y contadur\u00eda: 4642 3620<br \/>\nTel. D.T y Directiva: 4643 0823<br \/>\n<a href=\"mailto:camcelfemi@femi.com.uy\">camcelfemi@femi.com.uy<\/a><\/p>\n<p class=\"Estilo7\"><strong>IAC<\/strong><br \/>\n<strong><em>Instituto Asistencial Colectivo <\/em><\/strong><br \/>\nSim\u00f3n del Pino 1366 \u2013 Treinta y Tres<br \/>\nTel. 4452 2484 Fax. 4452 2484<br \/>\n<a href=\"mailto:secreiac@femi.com.uy\">secreiac@femi.com.uy<\/a><\/p>\n<p><strong>CAMDEL<\/strong><br \/>\n<strong><em>Cooperativa\u00a0 Asistencial M\u00e9dica de Lavalleja<\/em><\/strong><br \/>\nLavalleja esq. Farina &#8211; Minas<br \/>\nTel. 4442 5195 Fax. 4442 5195 int. 297<br \/>\nUrgencia: 4442 2195\/ 4442 2795<br \/>\n<a href=\"mailto:cdcamdel@femi.com.uy\">cdcamdel@femi.com.uy<\/a><\/p>\n<p class=\"Estilo7\"><strong>COMERO<\/strong><br \/>\n<strong><em>Cooperativa M\u00e9dica de Rocha<\/em><\/strong><br \/>\nPolicl\u00ednico del Este<br \/>\nGral. Artigas 254 \u2013 Rocha<br \/>\nTel. 4472 8373 al 77 Fax. 4472 8373 al 77 int. 455<br \/>\nL\u00ednea informativa: 0800 0470<br \/>\n<a href=\"mailto:comero@femi.com.uy\">comero@femi.com.uy<\/a><br \/>\n<a href=\"https:\/\/www.comero.com.uy\/\">www.comero.com.uy<\/a><\/p>\n<p class=\"Estilo7\"><strong>AMECOM<\/strong><br \/>\n<strong><em>Asistencial M\u00e9dica Cooperativa de Maldonado<\/em><\/strong><br \/>\nGerencia general:<br \/>\nAv. Andr\u00e9s Ceberio 649 \u2013 San Carlos<br \/>\nTel. 42 669 107 int. 105 Fax. 42 660 799<br \/>\nDirecci\u00f3n T\u00e9cnica: 25 de Mayo 719 \u2013 Maldonado<br \/>\nTel.42 223 833 int. 125<br \/>\n42 250 318 Fax. 42 220 372<br \/>\n<a href=\"mailto:secgerencia@asistencial.com.uy\">secgerencia@asistencial.com.uy<\/a><br \/>\n<a href=\"https:\/\/www.asistencial.com.uy\/\">www.asistencial.com.uy<\/a><\/p>\n<p class=\"Estilo7\"><strong><u>MONTEVIDEO<\/u><\/strong><\/p>\n<p class=\"Estilo7\"><strong>SANATORIO AMERICANO<\/strong><br \/>\nIsabelino Bosch 2466<br \/>\nTel. 2708 60 41 Fax. 2709 42 31<br \/>\n<a href=\"mailto:secretaria@americano.com.uy\">secretaria@americano.com.uy<\/a><br \/>\n<a href=\"https:\/\/www.americano.com.uy\/\">www.americano.com.uy<\/a><\/p>\n<p class=\"Estilo7\"><strong>SEGURO AMERICANO<\/strong><br \/>\nAv. Ing. Luis Ponce 1523<br \/>\nTel. 2708 20 19 Fax. 2708 20 19<br \/>\n<a href=\"mailto:comercial@seguroamericano.com.uy\">comercial@seguroamericano.com.uy<\/a><br \/>\n<a href=\"https:\/\/www.seguroamericano.com.uy\/\">www.seguroamericano.com.uy<\/a><\/p>\n<p class=\"Estilo7\"><strong><u>SANATORIOS<\/u><\/strong><\/p>\n<p class=\"Estilo7\"><em>Sistema Nacional de Asistencia M\u00e9dica Integral de FEMI<\/em><\/p>\n<p class=\"Estilo7\"><strong>GREMEDA<\/strong><\/p>\n<p class=\"Estilo7\">Gremeda (Artigas)<br \/>\nH. Vasconcellos 538<br \/>\nTel. 4772 4001 Fax. 4772 3593<\/p>\n<p class=\"Estilo7\">Gremeda (Bella Uni\u00f3n)<br \/>\nRivera y Rod\u00f3<br \/>\nTel. 4779 2344\/2350 Fax. 2370<\/p>\n<p class=\"Estilo7\">Centro de Di\u00e1lisis (Artigas)<br \/>\nAmaro F. Ramos 532<br \/>\n4772 5012 Fax. 4772 5032<\/p>\n<p class=\"Estilo7\"><strong>SALTO<\/strong><\/p>\n<p class=\"Estilo7\">Sanatorio Uruguay<br \/>\nBrasil 663<br \/>\nTel. 4733 2215\/ 3508\/ 4732 8910\/ 4732 7940<\/p>\n<p class=\"Estilo7\">Sanatorio Salto<br \/>\nUruguay 1396<br \/>\nTel. 4733 2505\/ 4732 7503<\/p>\n<p class=\"Estilo7\">Sanatorio Panamericano<br \/>\n18 de Julio 166<br \/>\nTel. 4733 3184\/ 4732 8338<\/p>\n<p class=\"Estilo7\"><strong>COMEPA<\/strong><\/p>\n<p class=\"Estilo7\">Centro de Di\u00e1lisis<br \/>\nCol\u00f3n 1277 (Sanatorio Modelo)<br \/>\nTel. 4723 21000<\/p>\n<p class=\"Estilo7\">Centro Hemato-oncol\u00f3gico<br \/>\nFlorida 925<br \/>\nTel. 4722 2095<\/p>\n<p class=\"Estilo7\">Sanatorio Modelo<br \/>\nCol\u00f3n 1277<br \/>\nTel. 4723 21000<\/p>\n<p class=\"Estilo7\">Sanatorio Pasteur<br \/>\nItuzaing\u00f3 1249 esq. Monte Caseros<br \/>\nTel. 4723 21000 int. 2501<\/p>\n<p class=\"Estilo7\"><strong>AMEDRIN<\/strong><\/p>\n<p class=\"Estilo7\">Sanatorio Camoq<br \/>\n25 de Mayo 3357 y Rivera<br \/>\nTel. 4562 2050 Urgencia: 4562 3599<\/p>\n<p class=\"Estilo7\"><strong>CAMY<\/strong><\/p>\n<p class=\"Estilo7\">Sanatorio CAMY<br \/>\n25 de Agosto 3450<br \/>\nTel. 4567 2380<\/p>\n<p class=\"Estilo7\">Hospital de Young<br \/>\nAv. Dr. Ceballos y Martiren\u00e9e<br \/>\nTel. 4567 2045\/ 2328<\/p>\n<p class=\"Estilo7\"><strong>CAMS<\/strong><\/p>\n<p class=\"Estilo7\">Sanatorio Mercedes<br \/>\nHaedo 381<br \/>\nTel. 4532 2470\/ 2313\/3037\/ 2702-03<\/p>\n<p class=\"Estilo7\">Sanatorio de Dolores<br \/>\nPuig 1480<br \/>\nTel. 4534 2204\/ 2234\/ 4533 0633 Fax. 4534 3052<\/p>\n<p class=\"Estilo7\">Sanatorio de Cardona<br \/>\nBvar. Cardona s\/n<br \/>\nTel. 4536 9045\/ 9804 Fax. 9419<\/p>\n<p class=\"Estilo7\"><strong>ORAMECO<\/strong><\/p>\n<p class=\"Estilo7\">Sanatorio ORAMECO<br \/>\nAlberto M\u00e9ndez 170<br \/>\n4522 2057 Urgencia: 4522 5050\/ 099 524 499<\/p>\n<p class=\"Estilo7\">Policl\u00ednica Centro Pedi\u00e1trico<br \/>\n18 de Julio 374 &#8211; Colonia<br \/>\nTel. 4522 1314\/ 5030<\/p>\n<p class=\"Estilo7\">Policl\u00ednica Dr. Dardo Berretta<br \/>\nReal de San Carlos<br \/>\nTel. 4552 0722<\/p>\n<p class=\"Estilo7\">Policl\u00ednica de Atenci\u00f3n Primaria Dr. Nelson Arrigoni<br \/>\nEl General<br \/>\nTel. 452 30600<\/p>\n<p class=\"Estilo7\">Nuevo Policl\u00ednico:<br \/>\nManuel de Lobo 332 \u2013 Colonia<br \/>\nTel. 4522 2057<\/p>\n<p class=\"Estilo7\">Policl\u00ednica Estanzuela<br \/>\nTel. 4574 8197<\/p>\n<p class=\"Estilo7\"><strong>CAMEC<\/strong><\/p>\n<p class=\"Estilo7\">Sanatorio CAMEC<br \/>\nItuzaing\u00f3 y Bol\u00edvar<br \/>\nTel. 4552 2964 al 68<\/p>\n<p class=\"Estilo7\"><strong>CAMOC<\/strong><\/p>\n<p class=\"Estilo7\">Sanatorio CAMOC<br \/>\nZorrilla de San Mart\u00edn 540<br \/>\nTel. 4542 2245<br \/>\nUrgencia: 4542 5000<\/p>\n<p class=\"Estilo7\"><strong>ASOC. M\u00c9DICA DE SAN JOS\u00c9<\/strong><\/p>\n<p class=\"Estilo7\">Sanatorio Asoc. M\u00e9d. De San Jos\u00e9<br \/>\nTreinta y Tres 633<br \/>\nTel. 4342 2215 Urgencia: 4342 3718<\/p>\n<p class=\"Estilo7\">Sanatorio Libertad<br \/>\nArtigas 1102 esq. B. Berto<br \/>\nTel. 4345 2464\/ 2689 Urgencia: 4345 3500<\/p>\n<p class=\"Estilo7\"><strong>CASMER<\/strong><\/p>\n<p class=\"Estilo7\">Sanatorio CASMER<br \/>\nCar\u00e1mbula 1189<br \/>\n4622 7711\/15 Fax. 4622 4285<br \/>\nUrgencia: 4622 5669<\/p>\n<p class=\"Estilo7\"><strong>COMTA<\/strong><\/p>\n<p class=\"Estilo7\">COMTA Tacuaremb\u00f3<br \/>\nDr. Ivo Ferreira 386<br \/>\nTel. 4632 2940 \u2013 Urgencias: 4632 6900<\/p>\n<p class=\"Estilo7\"><strong>COMTA PT<\/strong><\/p>\n<p class=\"Estilo7\">Sanatorio COMTA PASO DE LOS TOROS<br \/>\nBvar. Artigas 357 \u2013 Paso de los Toros<br \/>\nTel. 4664 2019\/ 2791\/5164 &#8211; Urgencia: 4664 4040<\/p>\n<p class=\"Estilo7\"><strong>CAMEDUR<\/strong><\/p>\n<p class=\"Estilo7\">Sanatorio Durazno<br \/>\n18 de Julio 720<br \/>\nTel. 4362 3811\/12<br \/>\nCardiocam: Direcci\u00f3n: 18 de julio 720 &#8211; Tel. 4362 3939<\/p>\n<p class=\"Estilo7\"><strong>COMEF<\/strong><\/p>\n<p class=\"Estilo7\">Sanatorio COMEF<br \/>\nJ. P. Varela 2922<br \/>\nTel. 4352 9090\/91 Fax. 4352 9090 int. 4201\/4401<\/p>\n<p class=\"Estilo7\"><strong>COMECA<\/strong><\/p>\n<p class=\"Estilo7\">Sanatorio N\u00ba 1 Canelones<br \/>\nTreinta y Tres 129<br \/>\nTel. 4332 2250<\/p>\n<p class=\"Estilo7\">Sanatorio N\u00ba 2 Santa Luc\u00eda<br \/>\nDr. Antonio Legnani 292<br \/>\nTel. 4334 6155<\/p>\n<p class=\"Estilo7\"><strong>CAAMEPA<\/strong><\/p>\n<p class=\"Estilo7\">Sanatorio Caamepa Central<br \/>\nBaltasar Brum 1224<br \/>\nTel. 2292 51 11 al 18<br \/>\nUrgencia: 2292 51 10<\/p>\n<p class=\"Estilo7\"><strong>CRAMI<\/strong><\/p>\n<p class=\"Estilo7\">Sanatorio CRAMI Las Piedras Central<br \/>\nRivera 730<br \/>\nTel. 2364 33 84 al 86<\/p>\n<p class=\"Estilo7\">Sanatorio CRAMI Materno Infantil<br \/>\nPilar Cabrera y Rocha<br \/>\nTel. 2364 40 82<\/p>\n<p class=\"Estilo7\">Policl\u00ednica CRAMI Tala<br \/>\nAvda. Artigas s\/n<br \/>\nTel. 4315 2300<\/p>\n<p class=\"Estilo7\">Policl\u00ednica CRAMI Sauce<br \/>\nCarmelo Ren\u00e9 Gonz\u00e1lez 2120<br \/>\nTel. 2294 02 28\/ 2294 07 77<\/p>\n<p class=\"Estilo7\"><strong>COMEFLO<\/strong><\/p>\n<p class=\"Estilo7\">Sanatorio COMEFLO<br \/>\nRivera 614\/ 636<br \/>\nTel. 4364 2770\/2743 Urgencia: 4364 8000<\/p>\n<p class=\"Estilo7\"><strong>CAMCEL<\/strong><\/p>\n<p class=\"Estilo7\">Sanatorio CAMCEL<br \/>\nJos\u00e9 Pedro Varela 623<br \/>\nTel. 4642 8686 Emergencia: 4642 5900<\/p>\n<p class=\"Estilo7\"><strong>IAC<\/strong><\/p>\n<p class=\"Estilo7\">Sanatorio IAC<br \/>\nBas\u00edlio Ara\u00fajo 270<br \/>\nTel. 4452 2008 Urgencia: 4452 3000<\/p>\n<p class=\"Estilo7\"><strong>CAMDEL<\/strong><\/p>\n<p class=\"Estilo7\">Sanatorio CAMDEL<br \/>\nLavalleja esq. Farina<br \/>\nTel. 4442 5195 Urgencia: 4442 2795\/0500<\/p>\n<p class=\"Estilo7\"><strong>COMERO<\/strong><\/p>\n<p class=\"Estilo7\">Sanatorio Rochense<br \/>\nTreinta y Tres 1857<br \/>\nTel. 4472 8785 al 89 int. 300<br \/>\nUrgencia: 4472 3333<\/p>\n<p class=\"Estilo7\"><strong>AMECOM<\/strong><\/p>\n<p class=\"Estilo7\">Sanatorio San Carlos<br \/>\nAv. Andr\u00e9s Ceberio 649<br \/>\nTel. 42 667 935\/36 Fax. 42 668 440<\/p>\n<p class=\"Estilo7\">Sanatorio Cantegril<br \/>\nAv. Roosevelt y Parada 13 &#8211; Punta del Este<br \/>\nTel. 42 489 151\/58 \u00a0Fax. 42 487 998<\/p>\n<p class=\"Estilo7\">Sanatorio Aigu\u00e1 \u2013 Dr. Esteban Agustoni<br \/>\nMargarita Muniz 776 \u2013 Aigu\u00e1<br \/>\nTel. 4446 2479<\/p>\n<p class=\"Estilo7\"><strong>MONTEVIDEO<\/strong><\/p>\n<p class=\"Estilo7\">Sanatorio Americano S.A<br \/>\nIsabelino Bosch 2466<\/p>\n<p><span class=\"Estilo7\">Tel. 2708 60 41\/45 Fax. 2709 42 31<\/span><\/td>\n<\/tr>\n<\/tbody>\n<\/table>\n","protected":false},"excerpt":{"rendered":"<p>INSTITUCIONES ASISTENCIALES REGIONAL NORTE GREMEDA Cooperativa M\u00e9dica de Artigas H. Vasconcellos 538 \u2013 Artigas Tel. 4772 4001 Fax. 4772 3593 gremeda@femi.com.uy SMQS \u2013 CAM Sociedad M\u00e9dica Quir\u00fargica de Salto Centro de Asistencia M\u00e9dica Larra\u00f1aga 177 (P. Alta) \u2013 Salto (Directiva) Tel. 473 32213 Servicios Asistenciales: Artigas 917 Tel. 473 31000 Urgencia: 473 29000 smqs@femi.com.uy www.smqs.com.uy [&hellip;]<\/p>\n","protected":false},"author":1,"featured_media":0,"parent":0,"menu_order":0,"comment_status":"closed","ping_status":"closed","template":"","meta":{"footnotes":""},"class_list":["post-152","page","type-page","status-publish","hentry"],"_links":{"self":[{"href":"https:\/\/comeca.uy\/web\/wp-json\/wp\/v2\/pages\/152","targetHints":{"allow":["GET"]}}],"collection":[{"href":"https:\/\/comeca.uy\/web\/wp-json\/wp\/v2\/pages"}],"about":[{"href":"https:\/\/comeca.uy\/web\/wp-json\/wp\/v2\/types\/page"}],"author":[{"embeddable":true,"href":"https:\/\/comeca.uy\/web\/wp-json\/wp\/v2\/users\/1"}],"replies":[{"embeddable":true,"href":"https:\/\/comeca.uy\/web\/wp-json\/wp\/v2\/comments?post=152"}],"version-history":[{"count":1,"href":"https:\/\/comeca.uy\/web\/wp-json\/wp\/v2\/pages\/152\/revisions"}],"predecessor-version":[{"id":3434,"href":"https:\/\/comeca.uy\/web\/wp-json\/wp\/v2\/pages\/152\/revisions\/3434"}],"wp:attachment":[{"href":"https:\/\/comeca.uy\/web\/wp-json\/wp\/v2\/media?parent=152"}],"curies":[{"name":"wp","href":"https:\/\/api.w.org\/{rel}","templated":true}]}}